{"version":"1.0","provider_name":"RH LAB","provider_url":"https:\/\/www.rhlab.lu\/de\/","title":"Charg\u00e9 d'affaires Electricit\u00e9 - R\u00e9gulation (H\/F\/X) - RH LAB","type":"rich","width":600,"height":338,"html":"<blockquote class=\"wp-embedded-content\" data-secret=\"z9d5mVEQFe\"><a href=\"https:\/\/www.rhlab.lu\/de\/job-offers\/charge-daffaires-electricite-regulation-h-f-x\/\">Charg\u00e9 d&#8217;affaires Electricit\u00e9 &#8211; R\u00e9gulation (H\/F\/X)<\/a><\/blockquote><iframe sandbox=\"allow-scripts\" security=\"restricted\" src=\"https:\/\/www.rhlab.lu\/de\/job-offers\/charge-daffaires-electricite-regulation-h-f-x\/embed\/#?secret=z9d5mVEQFe\" width=\"600\" height=\"338\" title=\"&#8222;Charg\u00e9 d&#8217;affaires Electricit\u00e9 &#8211; R\u00e9gulation (H\/F\/X)&#8220; &#8211; RH LAB\" data-secret=\"z9d5mVEQFe\" frameborder=\"0\" marginwidth=\"0\" marginheight=\"0\" scrolling=\"no\" class=\"wp-embedded-content\"><\/iframe><script type=\"text\/javascript\">\n\/* <![CDATA[ *\/\n\/*! This file is auto-generated *\/\n!function(d,l){\"use strict\";l.querySelector&&d.addEventListener&&\"undefined\"!=typeof URL&&(d.wp=d.wp||{},d.wp.receiveEmbedMessage||(d.wp.receiveEmbedMessage=function(e){var t=e.data;if((t||t.secret||t.message||t.value)&&!\/[^a-zA-Z0-9]\/.test(t.secret)){for(var s,r,n,a=l.querySelectorAll('iframe[data-secret=\"'+t.secret+'\"]'),o=l.querySelectorAll('blockquote[data-secret=\"'+t.secret+'\"]'),c=new RegExp(\"^https?:$\",\"i\"),i=0;i<o.length;i++)o[i].style.display=\"none\";for(i=0;i<a.length;i++)s=a[i],e.source===s.contentWindow&&(s.removeAttribute(\"style\"),\"height\"===t.message?(1e3<(r=parseInt(t.value,10))?r=1e3:~~r<200&&(r=200),s.height=r):\"link\"===t.message&&(r=new URL(s.getAttribute(\"src\")),n=new URL(t.value),c.test(n.protocol))&&n.host===r.host&&l.activeElement===s&&(d.top.location.href=t.value))}},d.addEventListener(\"message\",d.wp.receiveEmbedMessage,!1),l.addEventListener(\"DOMContentLoaded\",function(){for(var e,t,s=l.querySelectorAll(\"iframe.wp-embedded-content\"),r=0;r<s.length;r++)(t=(e=s[r]).getAttribute(\"data-secret\"))||(t=Math.random().toString(36).substring(2,12),e.src+=\"#?secret=\"+t,e.setAttribute(\"data-secret\",t)),e.contentWindow.postMessage({message:\"ready\",secret:t},\"*\")},!1)))}(window,document);\n\/\/# sourceURL=https:\/\/www.rhlab.lu\/wp-includes\/js\/wp-embed.min.js\n\/* ]]> *\/\n<\/script>\n","description":"\u00c0 propos de nous Pilotez des projets techniques ambitieux au sein d&#39;un leader du secteur HVAC ! Notre client est une entreprise de r\u00e9f\u00e9rence dans le domaine du chauffage, de la ventilation, de la climatisation et de la r\u00e9gulation (HVAC) au Luxembourg. Afin de renforcer ses \u00e9quipes techniques, il recherche un(e) Charg\u00e9(e) d&#39;affaires \u00c9lectricit\u00e9 \u2013 [&hellip;]"}